{"id":2596,"date":"2021-11-11T14:40:34","date_gmt":"2021-11-11T13:40:34","guid":{"rendered":"https:\/\/auditaris.com\/politica-de-privadesa\/"},"modified":"2022-07-14T10:02:29","modified_gmt":"2022-07-14T08:02:29","slug":"politica-de-privadesa","status":"publish","type":"page","link":"https:\/\/auditaris.com\/ca\/politica-de-privadesa\/","title":{"rendered":"Pol\u00edtica de privadesa"},"content":{"rendered":"\t\t<div data-elementor-type=\"wp-page\" data-elementor-id=\"2596\" class=\"elementor elementor-2596 elementor-121\" data-elementor-post-type=\"page\">\n\t\t\t\t\t\t<section class=\"elementor-section elementor-top-section elementor-element elementor-element-117220d elementor-section-height-min-height elementor-section-boxed elementor-section-height-default elementor-section-items-middle\" data-id=\"117220d\" data-element_type=\"section\" data-e-type=\"section\" data-settings=\"{&quot;background_background&quot;:&quot;classic&quot;}\">\n\t\t\t\t\t\t\t<div class=\"elementor-background-overlay\"><\/div>\n\t\t\t\t\t\t\t<div class=\"elementor-container elementor-column-gap-default\">\n\t\t\t\t\t<div class=\"elementor-column elementor-col-100 elementor-top-column elementor-element elementor-element-2ff9cca\" data-id=\"2ff9cca\" data-element_type=\"column\" data-e-type=\"column\">\n\t\t\t<div class=\"elementor-widget-wrap elementor-element-populated\">\n\t\t\t\t\t\t<section class=\"elementor-section elementor-inner-section elementor-element elementor-element-8339f57 elementor-section-boxed elementor-section-height-default elementor-section-height-default\" data-id=\"8339f57\" data-element_type=\"section\" data-e-type=\"section\" data-settings=\"{&quot;background_background&quot;:&quot;classic&quot;}\">\n\t\t\t\t\t\t<div class=\"elementor-container elementor-column-gap-default\">\n\t\t\t\t\t<div class=\"elementor-column elementor-col-100 elementor-inner-column elementor-element elementor-element-1c95b36\" data-id=\"1c95b36\" data-element_type=\"column\" data-e-type=\"column\">\n\t\t\t<div class=\"elementor-widget-wrap elementor-element-populated\">\n\t\t\t\t\t\t<div class=\"elementor-element elementor-element-49e0d7a elementor-widget__width-auto elementor-widget elementor-widget-heading\" data-id=\"49e0d7a\" data-element_type=\"widget\" data-e-type=\"widget\" data-widget_type=\"heading.default\">\n\t\t\t\t<div class=\"elementor-widget-container\">\n\t\t\t\t\t<h1 class=\"elementor-heading-title elementor-size-default\">Pol\u00edtica de privadesa<\/h1>\t\t\t\t<\/div>\n\t\t\t\t<\/div>\n\t\t\t\t\t<\/div>\n\t\t<\/div>\n\t\t\t\t\t<\/div>\n\t\t<\/section>\n\t\t\t\t\t<\/div>\n\t\t<\/div>\n\t\t\t\t\t<\/div>\n\t\t<\/section>\n\t\t\t\t<section class=\"elementor-section elementor-top-section elementor-element elementor-element-f31b001 elementor-section-boxed elementor-section-height-default elementor-section-height-default\" data-id=\"f31b001\" data-element_type=\"section\" data-e-type=\"section\">\n\t\t\t\t\t\t<div class=\"elementor-container elementor-column-gap-default\">\n\t\t\t\t\t<div class=\"elementor-column elementor-col-100 elementor-top-column elementor-element elementor-element-6bea3bf\" data-id=\"6bea3bf\" data-element_type=\"column\" data-e-type=\"column\">\n\t\t\t<div class=\"elementor-widget-wrap elementor-element-populated\">\n\t\t\t\t\t\t<div class=\"elementor-element elementor-element-3027e8b elementor-widget elementor-widget-text-editor\" data-id=\"3027e8b\" data-element_type=\"widget\" data-e-type=\"widget\" data-widget_type=\"text-editor.default\">\n\t\t\t\t<div class=\"elementor-widget-container\">\n\t\t\t\t\t\t\t\t\t<h3><strong>POL\u00cdTICA DE PRIVACITAT<\/strong><\/h3><ol><li><strong>INFORMACI\u00d3 A L&#8217;USUARI<\/strong><\/li><\/ol><p><strong>Qui \u00e9s el responsable del tractament de les teves dades personals?<\/strong><\/p><p><strong>Paco Border\u00eda i Associats SL<\/strong> \u00e9s el RESPONSABLE del tractament de les dades personals de l&#8217;USUARI i us informa que aquestes dades seran tractades de conformitat amb el que disposa el Reglament (UE) 2016\/679, de 27 d&#8217;abril (GDPR), i la Llei Org\u00e0nica 3\/2018, del 5 de desembre (LOPDGDD).<\/p><p><strong>Per qu\u00e8 tractem les teves dades personals i per qu\u00e8 ho fem?<\/strong><\/p><p>Segons el formulari on haguem obtingut les vostres dades personals, les tractarem de manera confidencial per assolir les seg\u00fcents finalitats:<\/p><p>Al formulari <strong>Contacte<\/strong><\/p><ul><li>Donar resposta a les consultes o qualsevol tipus de petici\u00f3 que sigui realitzada per l&#8217;usuari a trav\u00e9s de qualsevol de les formes de contacte que es posen a la vostra disposici\u00f3 a la p\u00e0gina web del responsable. <br>( <em>per l&#8217;inter\u00e8s leg\u00edtim del responsable, art. 6.1.f GDPR<\/em> )<\/li><li>Enviar comunicacions comercials publicit\u00e0ries per correu electr\u00f2nic, fax, SMS, MMS, xarxes socials o qualsevol altre mitj\u00e0 electr\u00f2nic o f\u00edsic, present o futur, que possibiliti realitzar comunicacions comercials. Aquestes comunicacions seran realitzades pel responsable i estaran relacionades amb els seus productes i serveis, o dels seus col\u00b7laboradors o prove\u00efdors, amb qu\u00e8 aquest hagi assolit algun acord de promoci\u00f3. En aquest cas, els tercers mai no tindran acc\u00e9s a les dades personals. <br>( <em>pel consentiment de l&#8217;interessat, 6.1.a GDPR<\/em> )<\/li><li>Realitzar an\u00e0lisis estad\u00edstiques i estudis de mercat. <br>( <em>per l&#8217;inter\u00e8s leg\u00edtim del responsable, art. 6.1.f GDPR<\/em> )<\/li><\/ul><p>Al formulari <strong>Demana pressupost<\/strong><\/p><ul><li>Enviar pressupostos comercials sobre productes i serveis. <br>( <em>per a l&#8217;execuci\u00f3 d&#8217;un contracte o precontracte, 6.1.b GDPR<\/em> )<\/li><li>Enviar comunicacions comercials publicit\u00e0ries per correu electr\u00f2nic, fax, SMS, MMS, xarxes socials o qualsevol altre mitj\u00e0 electr\u00f2nic o f\u00edsic, present o futur, que possibiliti realitzar comunicacions comercials. Aquestes comunicacions seran realitzades pel responsable i estaran relacionades amb els seus productes i serveis, o dels seus col\u00b7laboradors o prove\u00efdors, amb qu\u00e8 aquest hagi assolit algun acord de promoci\u00f3. En aquest cas, els tercers mai no tindran acc\u00e9s a les dades personals. <br>( <em>pel consentiment de l&#8217;interessat, 6.1.a GDPR<\/em> )<\/li><\/ul><p><strong>Durant quant de temps guardarem les teves dades personals?<\/strong><\/p><p>Es conservaran durant no m\u00e9s temps del necessari per mantenir la fi del tractament o hi hagi prescripcions legals que dictaminin la seva cust\u00f2dia i quan ja no sigui necessari, se suprimiran amb mesures de seguretat adequades per garantir l&#8217;anonimitzaci\u00f3 de les dades o la destrucci\u00f3 total de els mateixos.<\/p><p><strong>A qui facilitem les vostres dades personals?<\/strong><\/p><p>No est\u00e0 prevista cap comunicaci\u00f3 de dades personals a tercers llevat, si fos necessari per al desenvolupament i execuci\u00f3 de les finalitats del tractament, als nostres prove\u00efdors de serveis relacionats amb comunicacions, amb els quals el RESPONSABLE t\u00e9 subscrits els contractes de confidencialitat i encarregat de tractament exigits per la normativa vigent de privadesa.<\/p><p><strong>Quins s\u00f3n els teus drets?<\/strong><\/p><p>Els drets que assisteixen a l&#8217;USUARI s\u00f3n:<\/p><ul><li>Dret a retirar el consentiment en qualsevol moment.<\/li><li>Dret d&#8217;acc\u00e9s, rectificaci\u00f3, portabilitat i supressi\u00f3 de les vostres dades, i de limitaci\u00f3 o oposici\u00f3 al tractament.<\/li><li>Dret a presentar una reclamaci\u00f3 davant de l&#8217;autoritat de control (www.aepd.es) si considera que el tractament no s&#8217;ajusta a la normativa vigent.<\/li><\/ul><p><strong>Dades de contacte per exercir els seus drets<\/strong> :<\/p><p>Paco Borderia i Associats SL. Pla\u00e7a Hondures, 26 Baix Esquerra &#8211; 46022 Val\u00e8ncia (Val\u00e8ncia). E-mail: arco@auditaris.com<\/p><ol start=\"2\"><li><strong>CAR\u00c0CTER OBLIGATORI O FACULTATIU DE LA INFORMACI\u00d3 FACILITADA PER L&#8217;USUARI<\/strong><\/li><\/ol><p>Els USUARIS, mitjan\u00e7ant la marcaci\u00f3 de les caselles corresponents i l&#8217;entrada de dades als camps, marcats amb un asterisc (*) al formulari de contacte o presentats en formularis de desc\u00e0rrega, accepten expressament i de forma lliure i inequ\u00edvoca, que les seves dades s\u00f3n necessaris per atendre la seva petici\u00f3, per part del prestador, i \u00e9s volunt\u00e0ria la inclusi\u00f3 de dades en els camps restants. L&#8217;USUARI garanteix que les dades personals facilitades al RESPONSABLE s\u00f3n veraces i es fa responsable de comunicar-ne qualsevol modificaci\u00f3.<\/p><p>El RESPONSABLE informa que totes les dades sol\u00b7licitades a trav\u00e9s del lloc web s\u00f3n obligat\u00f2ries, ja que s\u00f3n necess\u00e0ries per a la prestaci\u00f3 d&#8217;un servei \u00f2ptim a l&#8217;USUARI. En cas que no es facilitin totes les dades, no es garanteix que la informaci\u00f3 i els serveis facilitats siguin completament ajustats a les seves necessitats.<\/p><ol start=\"3\"><li><strong>MESURES DE SEGURETAT<\/strong><\/li><\/ol><p>Que de conformitat amb el que disposen les normatives vigents en protecci\u00f3 de dades personals, el RESPONSABLE est\u00e0 complint amb totes les disposicions de les normatives GDPR i LOPDGDD per al tractament de les dades personals de la seva responsabilitat, i manifestament amb els principis descrits a l&#8217;article 5 del GDPR, pels quals s\u00f3n tractats de manera l\u00edcita, lleial i transparent en relaci\u00f3 amb l&#8217;interessat i adequats, pertinents i limitats a all\u00f2 necessari en relaci\u00f3 amb els fins per als quals s\u00f3n tractats.<\/p><p>El RESPONSABLE garanteix que ha implementat pol\u00edtiques t\u00e8cniques i organitzatives apropiades per aplicar les mesures de seguretat que estableixen el GDPR i la LOPDGDD per tal de protegir els drets i les llibertats dels USUARIS i els ha comunicat la informaci\u00f3 adequada perqu\u00e8 puguin exercir-los.<\/p><p>Per a m\u00e9s informaci\u00f3 sobre les garanties de privadesa, pots adre\u00e7ar-te al RESPONSABLE a trav\u00e9s de Paco Border\u00eda i Associats SL. Pla\u00e7a Hondures, 26 Baix Esquerra &#8211; 46022 Val\u00e8ncia (Val\u00e8ncia). E-mail: arco@auditaris.com<\/p>\t\t\t\t\t\t\t\t<\/div>\n\t\t\t\t<\/div>\n\t\t\t\t<div class=\"elementor-element elementor-element-bb7f20f elementor-hidden-desktop elementor-hidden-tablet elementor-hidden-mobile elementor-widget elementor-widget-text-editor\" data-id=\"bb7f20f\" data-element_type=\"widget\" data-e-type=\"widget\" data-widget_type=\"text-editor.default\">\n\t\t\t\t<div class=\"elementor-widget-container\">\n\t\t\t\t\t\t\t\t\t<div class=\"wpb_text_column wpb_content_element \"><div class=\"wpb_wrapper\"><ol><li><strong>INFORMACI\u00d3 A L&#8217;USUARI<\/strong> <strong>Qui \u00e9s el responsable del tractament de les dades personals?<\/strong><\/li><\/ol><p><strong>Paco Border\u00eda i Associats SL<\/strong> \u00e9s el RESPONSABLE del tractament de les dades personals de l&#8217;USUARI i us informa que aquestes dades seran tractades de conformitat amb el que disposa el Reglament (UE) 2016\/679, de 27 d&#8217;abril (GDPR), i la Llei Org\u00e0nica 3\/2018, del 5 de desembre (LOPDGDD).<\/p><p><strong>Per qu\u00e8 tractem les teves dades personals?<\/strong><\/p><p>Per mantenir una relaci\u00f3 comercial amb lusuari. Les operacions previstes per realitzar el tractament s\u00f3n:<\/p><ul><li>Remissi\u00f3 de comunicacions comercials publicit\u00e0ries per correu electr\u00f2nic, fax, SMS, MMS, xarxes socials o qualsevol altre mitj\u00e0 electr\u00f2nic o f\u00edsic, present o futur, que possibiliti fer comunicacions comercials. Aquestes comunicacions seran realitzades pel RESPONSABLE i estaran relacionades amb els seus productes i serveis, o dels seus col\u00b7laboradors o prove\u00efdors, amb qu\u00e8 aquest hagi assolit algun acord de promoci\u00f3. En aquest cas, els tercers mai no tindran acc\u00e9s a les dades personals.<\/li><li>Realitzar estudis de mercat i an\u00e0lisis estad\u00edstiques.<\/li><li>Tramitar enc\u00e0rrecs, sol\u00b7licituds, donar resposta a les consultes o qualsevol tipus de petici\u00f3 que sigui realitzada per l&#8217;USUARI a trav\u00e9s de qualsevol de les formes de contacte que es posen a la vostra disposici\u00f3 a la p\u00e0gina web del RESPONSABLE.<\/li><li>Remetre el butllet\u00ed informatiu online, sobre novetats, ofertes i promocions a la nostra activitat <strong>.<\/strong><\/li><\/ul><p><strong>Per quin motiu podem tractar les dades personals?<\/strong><\/p><p>Perqu\u00e8 el tractament est\u00e0 legitimat per l&#8217;article 6 del GDPR de la manera seg\u00fcent:<\/p><ul><li>Amb el consentiment de l&#8217;USUARI: tramesa de comunicacions comercials i del butllet\u00ed informatiu.<\/li><li>Per inter\u00e8s leg\u00edtim del RESPONSABLE: realitzar estudis de mercat, an\u00e0lisis estad\u00edstiques, etc. i tramitar enc\u00e0rrecs, sol\u00b7licituds, etc. a petici\u00f3 de l&#8217;USUARI.<\/li><\/ul><p><strong>Durant quant de temps guardarem les teves dades personals?<\/strong><\/p><p>Es conservaran durant no m\u00e9s temps del necessari per mantenir la fi del tractament o hi hagi prescripcions legals que dictaminin la seva cust\u00f2dia i quan ja no sigui necessari, se suprimiran amb mesures de seguretat adequades per garantir l&#8217;anonimitzaci\u00f3 de les dades o la destrucci\u00f3 total de els mateixos.<\/p><p><strong>A qui facilitem les teves dades personals?<\/strong><\/p><p>No est\u00e0 prevista cap comunicaci\u00f3 de dades personals a tercers llevat, si fos necessari per al desenvolupament i execuci\u00f3 de les finalitats del tractament, als nostres prove\u00efdors de serveis relacionats amb comunicacions, amb els quals el RESPONSABLE t\u00e9 subscrits els contractes de confidencialitat i encarregat de tractament exigits per la normativa vigent de privadesa.<\/p><p><strong>Quins s\u00f3n els teus drets?<\/strong><\/p><p>Els drets que assisteixen a l&#8217;USUARI s\u00f3n:<\/p><ul><li>Dret a retirar el consentiment en qualsevol moment.<\/li><li>Dret d&#8217;acc\u00e9s, rectificaci\u00f3, portabilitat i supressi\u00f3 de les vostres dades, i de limitaci\u00f3 o oposici\u00f3 al tractament.<\/li><li>Dret a presentar una reclamaci\u00f3 davant de l&#8217;autoritat de control (www.aepd.es) si considera que el tractament no s&#8217;ajusta a la normativa vigent.<\/li><\/ul><p><strong>Dades de contacte per exercir els seus drets<\/strong> :<\/p><p>Paco Borderia i Associats SL. Pla\u00e7a Hondures, 26 Baix Esquerra \u2013 46022 Val\u00e8ncia (Val\u00e8ncia). E-mail: arco@auditaris.com<\/p><ol start=\"2\"><li><strong>CAR\u00c0CTER OBLIGATORI O FACULTATIU DE LA INFORMACI\u00d3 FACILITADA PER L&#8217;USUARI<\/strong><\/li><\/ol><p>Els USUARIS, mitjan\u00e7ant la marcaci\u00f3 de les caselles corresponents i l&#8217;entrada de dades als camps, marcats amb un asterisc (*) al formulari de contacte o presentats en formularis de desc\u00e0rrega, accepten expressament i de forma lliure i inequ\u00edvoca, que les seves dades s\u00f3n necessaris per atendre la seva petici\u00f3, per part del prestador, i \u00e9s volunt\u00e0ria la inclusi\u00f3 de dades en els camps restants. L&#8217;USUARI garanteix que les dades personals facilitades al RESPONSABLE s\u00f3n veraces i es fa responsable de comunicar-ne qualsevol modificaci\u00f3.<\/p><p>El RESPONSABLE informa que totes les dades sol\u00b7licitades a trav\u00e9s del lloc web s\u00f3n obligat\u00f2ries, ja que s\u00f3n necess\u00e0ries per a la prestaci\u00f3 d&#8217;un servei \u00f2ptim a l&#8217;USUARI. En cas que no es facilitin totes les dades, no es garanteix que la informaci\u00f3 i els serveis facilitats siguin completament ajustats a les seves necessitats.<\/p><ol start=\"3\"><li><strong>MESURES DE SEGURETAT<\/strong><\/li><\/ol><p>Que de conformitat amb el que disposen les normatives vigents en protecci\u00f3 de dades personals, el RESPONSABLE est\u00e0 complint amb totes les disposicions de les normatives GDPR i LOPDGDD per al tractament de les dades personals de la seva responsabilitat, i manifestament amb els principis descrits a l&#8217;article 5 del GDPR, pels quals s\u00f3n tractats de manera l\u00edcita, lleial i transparent en relaci\u00f3 amb l&#8217;interessat i adequats, pertinents i limitats a all\u00f2 necessari en relaci\u00f3 amb els fins per als quals s\u00f3n tractats.<\/p><p>El RESPONSABLE garanteix que ha implementat pol\u00edtiques t\u00e8cniques i organitzatives apropiades per aplicar les mesures de seguretat que estableixen el GDPR i la LOPDGDD per tal de protegir els drets i les llibertats dels USUARIS i els ha comunicat la informaci\u00f3 adequada perqu\u00e8 puguin exercir-los.<\/p><p>Per a m\u00e9s informaci\u00f3 sobre les garanties de privadesa, pots adre\u00e7ar-te al RESPONSABLE a trav\u00e9s de Paco Border\u00eda i Associats SL. Pla\u00e7a Hondures, 26 Baix Esquerra \u2013 46022 Val\u00e8ncia (Val\u00e8ncia). E-mail: arco@auditaris.com<\/p><\/div><\/div>\t\t\t\t\t\t\t\t<\/div>\n\t\t\t\t<\/div>\n\t\t\t\t\t<\/div>\n\t\t<\/div>\n\t\t\t\t\t<\/div>\n\t\t<\/section>\n\t\t\t\t<\/div>\n\t\t","protected":false},"excerpt":{"rendered":"<p>POL\u00cdTICA DE PRIVACITAT INFORMACI\u00d3 A L&#8217;USUARI Qui \u00e9s el responsable del tractament de les teves dades personals? Paco Border\u00eda i Associats SL \u00e9s el RESPONSABLE del tractament de les dades personals de l&#8217;USUARI i us informa que aquestes dades seran tractades de conformitat amb el que disposa el Reglament (UE) 2016\/679, de 27 d&#8217;abril (GDPR), &#8230; <a title=\"Pol\u00edtica de privadesa\" class=\"read-more\" href=\"https:\/\/auditaris.com\/ca\/politica-de-privadesa\/\" aria-label=\"Read more about Pol\u00edtica de privadesa\">Read more<\/a><\/p>\n","protected":false},"author":2,"featured_media":2474,"parent":0,"menu_order":80,"comment_status":"closed","ping_status":"closed","template":"elementor_header_footer","meta":{"footnotes":""},"class_list":["post-2596","page","type-page","status-publish","has-post-thumbnail"],"_links":{"self":[{"href":"https:\/\/auditaris.com\/ca\/wp-json\/wp\/v2\/pages\/2596","targetHints":{"allow":["GET"]}}],"collection":[{"href":"https:\/\/auditaris.com\/ca\/wp-json\/wp\/v2\/pages"}],"about":[{"href":"https:\/\/auditaris.com\/ca\/wp-json\/wp\/v2\/types\/page"}],"author":[{"embeddable":true,"href":"https:\/\/auditaris.com\/ca\/wp-json\/wp\/v2\/users\/2"}],"replies":[{"embeddable":true,"href":"https:\/\/auditaris.com\/ca\/wp-json\/wp\/v2\/comments?post=2596"}],"version-history":[{"count":1,"href":"https:\/\/auditaris.com\/ca\/wp-json\/wp\/v2\/pages\/2596\/revisions"}],"predecessor-version":[{"id":2598,"href":"https:\/\/auditaris.com\/ca\/wp-json\/wp\/v2\/pages\/2596\/revisions\/2598"}],"wp:featuredmedia":[{"embeddable":true,"href":"https:\/\/auditaris.com\/ca\/wp-json\/wp\/v2\/media\/2474"}],"wp:attachment":[{"href":"https:\/\/auditaris.com\/ca\/wp-json\/wp\/v2\/media?parent=2596"}],"curies":[{"name":"wp","href":"https:\/\/api.w.org\/{rel}","templated":true}]}}